{"id":178,"date":"2017-08-01T14:05:53","date_gmt":"2017-08-01T14:05:53","guid":{"rendered":"http:\/\/www.beranca.com\/es\/?page_id=178"},"modified":"2017-08-01T14:05:53","modified_gmt":"2017-08-01T14:05:53","slug":"el-aceite","status":"publish","type":"page","link":"https:\/\/www.beranca.com\/es\/el-aceite\/","title":{"rendered":"El Aceite"},"content":{"rendered":"<div class=\"fonsloli\"><div class=\"container\">\r\n\r\n<div class=\"col-lg-5\"><img decoding=\"async\" src=\"http:\/\/www.beranca.com\/wp-content\/uploads\/2017\/05\/Mesa-de-trabajo-2@4x.png\" alt=\"\" width=\"100%\" class=\"alignnone size-large wp-image-133\" \/><\/div>\r\n\r\n<div class=\"col-lg-7\"><h1>El aceite<\/h1>\r\n\r\nFruto de olivas arbequinas sanas, tratadas por la naturaleza que las rodea, p\u00e1jaros, insectos, plantas. <br>\r\nUnas tierras \u00e1speras, en medio de un mosaico de piedra seca y \u00e1rboles singulares.<br><br>\r\n\r\nAqu\u00ed nace el aceite Beran\u00e7a con unas cualidades organol\u00e9pticas \u00fanicas y excepcionales, aromas afrutados, frescos, de aceitunas verdes y hierba reci\u00e9n cortada, alcachofa, manzana verde &#8230;<br><br><div class=\"text-center\">\r\n<img decoding=\"async\" src=\"http:\/\/www.beranca.com\/wp-content\/uploads\/2017\/07\/linia.png\" width=\"80%\" \/><br><br><\/div>\r\n<\/div>\r\n<div class=\"clearfix\"><\/div>\r\n<div class=\"col-lg-7\" style=\"padding-bottom:60px;\">\r\n<h3 style=\"color:#b4b905;\"><strong>CERTIFICADO CCPAE COMO PRODUCTOR ECO<\/strong><\/h3>\r\n\r\nCon la trazabilidad o historial del producto para una alimentaci\u00f3n ecol\u00f3gica no es suficiente. Asimismo resulta insuficiente que los alimentos est\u00e9n m\u00e1s o menos libres de productos artificiales t\u00f3xicos o nocivos para la salud. Hay que pasar unos controles de calidad y trazabilidad exhaustivos y rigurosos, los cuales quedar\u00e1n reflejados en su etiqueta. <br><br>\r\n\r\nEn este sentido, nuestro producto goza de la certificaci\u00f3n <strong> CCPAE y eurohoja <\/strong>, ambas garant\u00edas de una producci\u00f3n origen ecol\u00f3gico.<br><br>\r\n\r\nEntendemos como uno de los compromisos de nuestra marca la producci\u00f3n ecol\u00f3gica respetando la fertilidad del suelo, sin maltratarlo sus organismos que viven. Para ello utilizamos m\u00e9todos como la lucha biol\u00f3gica para el control de plagas.<br><br>\r\n\r\nEn definitiva, en nuestras fincas donde crecen las aceitunas a partir de las cuales acabamos obteniendo el aceite Beran\u00e7a, aplicamos una serie de medidas encaminadas a producir de manera sostenible y el resultado garantiza as\u00ed la calidad de nuestro aceite.<br><br>\r\n\r\n\r\nEstamos comprometidos con nuestro entorno y queremos comprometernos contigo, contribuyendo a tu bienestar y el desarrollo de nuestra comunidad, apostamos por los productores y proveedores locales. <br> <br>\r\nLa alimentaci\u00f3n ecol\u00f3gica es clave para un desarrollo rural sostenible para que protege el medio ambiente y la salud de las personas.\r\n\r\n<\/div>\r\n<div class=\"col-lg-5 text-center\"><h3>&nbsp;<\/h3><img decoding=\"async\" src=\"http:\/\/www.beranca.com\/wp-content\/uploads\/2017\/05\/eco.png\" alt=\"\" width=\"30%\" class=\"alignnone size-full wp-image-42\" srcset=\"https:\/\/www.beranca.com\/wp-content\/uploads\/2017\/05\/eco.png 200w, https:\/\/www.beranca.com\/wp-content\/uploads\/2017\/05\/eco-150x150.png 150w\" sizes=\"(max-width: 200px) 100vw, 200px\" \/><img decoding=\"async\" src=\"http:\/\/www.beranca.com\/wp-content\/uploads\/2017\/05\/ccpae.png\" alt=\"\" width=\"30%\" class=\"alignnone size-full wp-image-32\" srcset=\"https:\/\/www.beranca.com\/wp-content\/uploads\/2017\/05\/ccpae.png 200w, https:\/\/www.beranca.com\/wp-content\/uploads\/2017\/05\/ccpae-150x150.png 150w\" sizes=\"(max-width: 200px) 100vw, 200px\" \/><div class=\"clearfix\"><\/div><img decoding=\"async\" src=\"http:\/\/www.beranca.com\/wp-content\/uploads\/2017\/07\/Mesa-de-trabajo-1@4x.png\" alt=\"\" width=\"100%\" class=\"alignnone size-large wp-image-136\" \/><\/div>\r\n<\/div><\/div>\r\n\r\n","protected":false},"excerpt":{"rendered":"El aceite Fruto de olivas arbequinas sanas, tratadas por la naturaleza que las rodea, p\u00e1jaros, insectos, plantas. Unas tierras \u00e1speras, en medio de un mosaico de piedra seca y \u00e1rboles singulares. Aqu\u00ed nace el aceite Beran\u00e7a con unas cualidades organol\u00e9pticas \u00fanicas y excepcionales, aromas afrutados, frescos, de aceitunas verdes y hierba reci\u00e9n cortada, alcachofa, manzana [&hellip;]","protected":false},"author":1,"featured_media":0,"parent":0,"menu_order":0,"comment_status":"closed","ping_status":"closed","template":"page-custom1.php","meta":{"footnotes":""},"class_list":["post-178","page","type-page","status-publish","hentry"],"yoast_head":"<!-- This site is optimized with the Yoast SEO plugin v27.1.1 - https:\/\/yoast.com\/product\/yoast-seo-wordpress\/ -->\n<title>El Aceite - Olis Beran\u00e7a<\/title>\n<meta name=\"robots\" content=\"index, follow, max-snippet:-1, max-image-preview:large, max-video-preview:-1\" \/>\n<link rel=\"canonical\" href=\"https:\/\/www.beranca.com\/es\/el-aceite\/\" \/>\n<meta property=\"og:locale\" content=\"es_ES\" \/>\n<meta property=\"og:type\" content=\"article\" \/>\n<meta property=\"og:title\" content=\"El Aceite - Olis Beran\u00e7a\" \/>\n<meta property=\"og:description\" content=\"El aceite Fruto de olivas arbequinas sanas, tratadas por la naturaleza que las rodea, p\u00e1jaros, insectos, plantas. Unas tierras \u00e1speras, en medio de un mosaico de piedra seca y \u00e1rboles singulares. Aqu\u00ed nace el aceite Beran\u00e7a con unas cualidades organol\u00e9pticas \u00fanicas y excepcionales, aromas afrutados, frescos, de aceitunas verdes y hierba reci\u00e9n cortada, alcachofa, manzana [&hellip;]\" \/>\n<meta property=\"og:url\" content=\"https:\/\/www.beranca.com\/es\/el-aceite\/\" \/>\n<meta property=\"og:site_name\" content=\"Olis Beran\u00e7a\" \/>\n<meta property=\"og:image\" content=\"http:\/\/www.beranca.com\/wp-content\/uploads\/2017\/05\/Mesa-de-trabajo-2@4x.png\" \/>\n<meta name=\"twitter:card\" content=\"summary_large_image\" \/>\n<meta name=\"twitter:label1\" content=\"Tiempo de lectura\" \/>\n\t<meta name=\"twitter:data1\" content=\"1 minuto\" \/>\n<script type=\"application\/ld+json\" class=\"yoast-schema-graph\">{\"@context\":\"https:\/\/schema.org\",\"@graph\":[{\"@type\":\"WebPage\",\"@id\":\"https:\/\/www.beranca.com\/es\/el-aceite\/\",\"url\":\"https:\/\/www.beranca.com\/es\/el-aceite\/\",\"name\":\"El Aceite - Olis Beran\u00e7a\",\"isPartOf\":{\"@id\":\"https:\/\/www.beranca.com\/#website\"},\"primaryImageOfPage\":{\"@id\":\"https:\/\/www.beranca.com\/es\/el-aceite\/#primaryimage\"},\"image\":{\"@id\":\"https:\/\/www.beranca.com\/es\/el-aceite\/#primaryimage\"},\"thumbnailUrl\":\"http:\/\/www.beranca.com\/wp-content\/uploads\/2017\/05\/Mesa-de-trabajo-2@4x.png\",\"datePublished\":\"2017-08-01T14:05:53+00:00\",\"breadcrumb\":{\"@id\":\"https:\/\/www.beranca.com\/es\/el-aceite\/#breadcrumb\"},\"inLanguage\":\"es\",\"potentialAction\":[{\"@type\":\"ReadAction\",\"target\":[\"https:\/\/www.beranca.com\/es\/el-aceite\/\"]}]},{\"@type\":\"ImageObject\",\"inLanguage\":\"es\",\"@id\":\"https:\/\/www.beranca.com\/es\/el-aceite\/#primaryimage\",\"url\":\"http:\/\/www.beranca.com\/wp-content\/uploads\/2017\/05\/Mesa-de-trabajo-2@4x.png\",\"contentUrl\":\"http:\/\/www.beranca.com\/wp-content\/uploads\/2017\/05\/Mesa-de-trabajo-2@4x.png\"},{\"@type\":\"BreadcrumbList\",\"@id\":\"https:\/\/www.beranca.com\/es\/el-aceite\/#breadcrumb\",\"itemListElement\":[{\"@type\":\"ListItem\",\"position\":1,\"name\":\"Inici\",\"item\":\"https:\/\/www.beranca.com\/es\/\"},{\"@type\":\"ListItem\",\"position\":2,\"name\":\"El Aceite\"}]},{\"@type\":\"WebSite\",\"@id\":\"https:\/\/www.beranca.com\/#website\",\"url\":\"https:\/\/www.beranca.com\/\",\"name\":\"Olis Beran\u00e7a\",\"description\":\"Olis Ecol\u00f2gics\",\"potentialAction\":[{\"@type\":\"SearchAction\",\"target\":{\"@type\":\"EntryPoint\",\"urlTemplate\":\"https:\/\/www.beranca.com\/?s={search_term_string}\"},\"query-input\":{\"@type\":\"PropertyValueSpecification\",\"valueRequired\":true,\"valueName\":\"search_term_string\"}}],\"inLanguage\":\"es\"}]}<\/script>\n<!-- \/ Yoast SEO plugin. -->","yoast_head_json":{"title":"El Aceite - Olis Beran\u00e7a","robots":{"index":"index","follow":"follow","max-snippet":"max-snippet:-1","max-image-preview":"max-image-preview:large","max-video-preview":"max-video-preview:-1"},"canonical":"https:\/\/www.beranca.com\/es\/el-aceite\/","og_locale":"es_ES","og_type":"article","og_title":"El Aceite - Olis Beran\u00e7a","og_description":"El aceite Fruto de olivas arbequinas sanas, tratadas por la naturaleza que las rodea, p\u00e1jaros, insectos, plantas. Unas tierras \u00e1speras, en medio de un mosaico de piedra seca y \u00e1rboles singulares. Aqu\u00ed nace el aceite Beran\u00e7a con unas cualidades organol\u00e9pticas \u00fanicas y excepcionales, aromas afrutados, frescos, de aceitunas verdes y hierba reci\u00e9n cortada, alcachofa, manzana [&hellip;]","og_url":"https:\/\/www.beranca.com\/es\/el-aceite\/","og_site_name":"Olis Beran\u00e7a","og_image":[{"url":"http:\/\/www.beranca.com\/wp-content\/uploads\/2017\/05\/Mesa-de-trabajo-2@4x.png","type":"","width":"","height":""}],"twitter_card":"summary_large_image","twitter_misc":{"Tiempo de lectura":"1 minuto"},"schema":{"@context":"https:\/\/schema.org","@graph":[{"@type":"WebPage","@id":"https:\/\/www.beranca.com\/es\/el-aceite\/","url":"https:\/\/www.beranca.com\/es\/el-aceite\/","name":"El Aceite - Olis Beran\u00e7a","isPartOf":{"@id":"https:\/\/www.beranca.com\/#website"},"primaryImageOfPage":{"@id":"https:\/\/www.beranca.com\/es\/el-aceite\/#primaryimage"},"image":{"@id":"https:\/\/www.beranca.com\/es\/el-aceite\/#primaryimage"},"thumbnailUrl":"http:\/\/www.beranca.com\/wp-content\/uploads\/2017\/05\/Mesa-de-trabajo-2@4x.png","datePublished":"2017-08-01T14:05:53+00:00","breadcrumb":{"@id":"https:\/\/www.beranca.com\/es\/el-aceite\/#breadcrumb"},"inLanguage":"es","potentialAction":[{"@type":"ReadAction","target":["https:\/\/www.beranca.com\/es\/el-aceite\/"]}]},{"@type":"ImageObject","inLanguage":"es","@id":"https:\/\/www.beranca.com\/es\/el-aceite\/#primaryimage","url":"http:\/\/www.beranca.com\/wp-content\/uploads\/2017\/05\/Mesa-de-trabajo-2@4x.png","contentUrl":"http:\/\/www.beranca.com\/wp-content\/uploads\/2017\/05\/Mesa-de-trabajo-2@4x.png"},{"@type":"BreadcrumbList","@id":"https:\/\/www.beranca.com\/es\/el-aceite\/#breadcrumb","itemListElement":[{"@type":"ListItem","position":1,"name":"Inici","item":"https:\/\/www.beranca.com\/es\/"},{"@type":"ListItem","position":2,"name":"El Aceite"}]},{"@type":"WebSite","@id":"https:\/\/www.beranca.com\/#website","url":"https:\/\/www.beranca.com\/","name":"Olis Beran\u00e7a","description":"Olis Ecol\u00f2gics","potentialAction":[{"@type":"SearchAction","target":{"@type":"EntryPoint","urlTemplate":"https:\/\/www.beranca.com\/?s={search_term_string}"},"query-input":{"@type":"PropertyValueSpecification","valueRequired":true,"valueName":"search_term_string"}}],"inLanguage":"es"}]}},"_links":{"self":[{"href":"https:\/\/www.beranca.com\/es\/wp-json\/wp\/v2\/pages\/178","targetHints":{"allow":["GET"]}}],"collection":[{"href":"https:\/\/www.beranca.com\/es\/wp-json\/wp\/v2\/pages"}],"about":[{"href":"https:\/\/www.beranca.com\/es\/wp-json\/wp\/v2\/types\/page"}],"author":[{"embeddable":true,"href":"https:\/\/www.beranca.com\/es\/wp-json\/wp\/v2\/users\/1"}],"replies":[{"embeddable":true,"href":"https:\/\/www.beranca.com\/es\/wp-json\/wp\/v2\/comments?post=178"}],"version-history":[{"count":1,"href":"https:\/\/www.beranca.com\/es\/wp-json\/wp\/v2\/pages\/178\/revisions"}],"predecessor-version":[{"id":179,"href":"https:\/\/www.beranca.com\/es\/wp-json\/wp\/v2\/pages\/178\/revisions\/179"}],"wp:attachment":[{"href":"https:\/\/www.beranca.com\/es\/wp-json\/wp\/v2\/media?parent=178"}],"curies":[{"name":"wp","href":"https:\/\/api.w.org\/{rel}","templated":true}]}}